{"id":8146,"date":"2016-04-29T19:37:32","date_gmt":"2016-04-29T17:37:32","guid":{"rendered":"https:\/\/www.ff-oepping.at\/wp\/?page_id=8146"},"modified":"2024-11-17T11:44:31","modified_gmt":"2024-11-17T10:44:31","slug":"kommando","status":"publish","type":"page","link":"https:\/\/www.ff-oepping.at\/cms\/kommando\/","title":{"rendered":"Kommando"},"content":{"rendered":"\n<p>Das Kommando der Freiwilligen Feuerwehr Oepping setzt sich aus Mitgliedern zusammen, die die Leitung und Organisation der Feuerwehr sicherstellen.<\/p>\n\n\n\n<p>Angef\u00fchrt wird das Kommando vom Feuerwehrkommandanten, der die strategische F\u00fchrung \u00fcbernimmt und gemeinsam mit dem Stellvertreter, dem Schriftf\u00fchrer, dem Kassier sowie den Zugskommandanten f\u00fcr einen reibungslosen Ablauf des Feuerwehrbetriebs sorgt. <\/p>\n\n\n\n<p>Unterst\u00fctzt wird das Kommando durch die Fachbereiche, die f\u00fcr spezielle Aufgaben wie Atemschutz, Ausbildung, Funk, Ger\u00e4te, IT usw. verantwortlich sind. Durch diese enge Zusammenarbeit gew\u00e4hrleistet das Kommando eine effiziente Einsatzbereitschaft und die Sicherheit der Bev\u00f6lkerung.<\/p>\n\n\n\n<div style=\"height:23px\" aria-hidden=\"true\" class=\"wp-block-spacer\"><\/div>\n\n\n\n<h3 class=\"wp-block-heading\">Kommandant und Stellvertreter<\/h3>\n\n\n\n<div style=\"height:23px\" aria-hidden=\"true\" class=\"wp-block-spacer\"><\/div>\n\n\n<div class=\"abcfslGridCntr staffContainer slv174_t13108_LI abcfslGridCntr_13108\"><div id=\"abcfslGridItemsCntr_13108\" class=\"abcfslGridItemsCntr\"><div class=\"abcfslGCol abcfslItemCntrLst staffContainerRowOuter abcfClrFix\"><div class=\"abcfslLstCol abcfslLstCol-3 abcfslImgColLst\"><div class=\"abcfslImgCntrLst abcfslMLRPc\"><img decoding=\"async\"  src=\"https:\/\/www.ff-oepping.at\/cms\/wp-content\/uploads\/2024\/11\/2024-11-17_Kommando_Spindlbalker_Stefan-1024x683.jpg\" class=\"staffContainerRowImage\" alt=\"\" itemprop=\"image\"  \/><\/div><\/div><div class=\"abcfslLstCol abcfslLstCol-9 abcfslTxtColLst\"><div class=\"abcfslTxtCntrLst  staffContainerRowText\"><div class=\"abcfslMT10  abcfslF14 staffContainerFunction T-F2\">Kommandant<\/div><div class=\"staffContainerName MP-F1\"><span class=\"abcfslSpanMP1\">HBI <\/span><span class=\"abcfslSpanMP2\">Stefan <\/span><span class=\"abcfslSpanMP3\">Spindlbalker <\/span><\/div><div class=\"CE-F6\"><p>Berlesreith 2<br \/>\n4151 Oepping<\/p>\n<\/div><div class=\"LT-F7\">+43 664 96 90 303<\/div><div class=\"LT-F5\"><a href=\"mailto:s.spindlbalker@rhv-muehltal.at\">s.spindlbalker@rhv-muehltal.at<\/a><\/div><div class=\"LT-F8\"><a href=\"mailto:ff-oepping@ro.ooelfv.at\">ff-oepping@ro.ooelfv.at<\/a><\/div><\/div><\/div><\/div><div class=\"abcfslGCol abcfslItemCntrLst staffContainerRowOuter abcfClrFix\"><div class=\"abcfslLstCol abcfslLstCol-3 abcfslImgColLst\"><div class=\"abcfslImgCntrLst abcfslMLRPc\"><img decoding=\"async\"  src=\"https:\/\/www.ff-oepping.at\/cms\/wp-content\/uploads\/2024\/11\/2024-11-17_Kommando_Lauss_Michael-1024x683.jpg\" class=\"staffContainerRowImage\" alt=\"\" itemprop=\"image\"  \/><\/div><\/div><div class=\"abcfslLstCol abcfslLstCol-9 abcfslTxtColLst\"><div class=\"abcfslTxtCntrLst  staffContainerRowText\"><div class=\"abcfslMT10  abcfslF14 staffContainerFunction T-F2\">Kommandant Stellvertreter<\/div><div class=\"staffContainerName MP-F1\"><span class=\"abcfslSpanMP1\">OBI <\/span><span class=\"abcfslSpanMP2\">Michael <\/span><span class=\"abcfslSpanMP3\">Lau\u00df <\/span><\/div><div class=\"CE-F6\"><p>Salaberg 17<br \/>\n4151 Oepping<\/p>\n<\/div><div class=\"LT-F7\">+43 664 43 20 856<\/div><div class=\"LT-F5\"><a href=\"mailto:mike082@gmx.net\">mike082@gmx.net<\/a><\/div><\/div><\/div><\/div><\/div><\/div>\n\n\n\n<div style=\"height:39px\" aria-hidden=\"true\" class=\"wp-block-spacer\"><\/div>\n\n\n\n<h3 class=\"wp-block-heading\">Kommando<\/h3>\n\n\n\n<div style=\"height:23px\" aria-hidden=\"true\" class=\"wp-block-spacer\"><\/div>\n\n\n<div class=\"abcfslGridCntr staffContainer slv174_t13107_LI abcfslGridCntr_13107\"><div id=\"abcfslGridItemsCntr_13107\" class=\"abcfslGridItemsCntr\"><div class=\"abcfslGCol abcfslItemCntrLst staffContainerRowOuter abcfClrFix\"><div class=\"abcfslLstCol abcfslLstCol-3 abcfslImgColLst\"><div class=\"abcfslImgCntrLst abcfslMLRPc\"><img decoding=\"async\"  src=\"https:\/\/www.ff-oepping.at\/cms\/wp-content\/uploads\/2024\/11\/2024-11-17_Kommando_Brandl_David-1024x683.jpg\" class=\"staffContainerRowImage\" alt=\"\" itemprop=\"image\"  \/><\/div><\/div><div class=\"abcfslLstCol abcfslLstCol-9 abcfslTxtColLst\"><div class=\"abcfslTxtCntrLst  staffContainerRowText\"><div class=\"abcfslMT10  abcfslF14 staffContainerFunction T-F2\">Ger\u00e4tewart<\/div><div class=\"staffContainerName MP-F1\"><span class=\"abcfslSpanMP1\">BI d.F. <\/span><span class=\"abcfslSpanMP2\">David <\/span><span class=\"abcfslSpanMP3\">Brandl <\/span><\/div><div class=\"CE-F6\"><p>Ringstra\u00dfe 3\/1<br \/>\n4151 Oepping<\/p>\n<\/div><div class=\"LT-F5\"><a href=\"mailto:brandldavid03@gmail.com\">brandldavid03@gmail.com<\/a><\/div><\/div><\/div><\/div><div class=\"abcfslGCol abcfslItemCntrLst staffContainerRowOuter abcfClrFix\"><div class=\"abcfslLstCol abcfslLstCol-3 abcfslImgColLst\"><div class=\"abcfslImgCntrLst abcfslMLRPc\"><img decoding=\"async\"  src=\"https:\/\/www.ff-oepping.at\/cms\/wp-content\/uploads\/2024\/11\/2024-11-17_Kommando_Hoeglinger_Manuel-1024x683.jpg\" class=\"staffContainerRowImage\" alt=\"\" itemprop=\"image\"  \/><\/div><\/div><div class=\"abcfslLstCol abcfslLstCol-9 abcfslTxtColLst\"><div class=\"abcfslTxtCntrLst  staffContainerRowText\"><div class=\"abcfslMT10  abcfslF14 staffContainerFunction T-F2\">Lotsen- und Nachrichtenkommandant<\/div><div class=\"staffContainerName MP-F1\"><span class=\"abcfslSpanMP1\">BI <\/span><span class=\"abcfslSpanMP2\">Manuel <\/span><span class=\"abcfslSpanMP3\">H\u00f6glinger <\/span><\/div><div class=\"CE-F6\"><p>Untergr\u00fcnau 22<br \/>\n4151 Oepping<\/p>\n<\/div><div class=\"LT-F5\"><a href=\"mailto:ho-ma@gmx.at\">ho-ma@gmx.at<\/a><\/div><\/div><\/div><\/div><div class=\"abcfslGCol abcfslItemCntrLst staffContainerRowOuter abcfClrFix\"><div class=\"abcfslLstCol abcfslLstCol-3 abcfslImgColLst\"><div class=\"abcfslImgCntrLst abcfslMLRPc\"><img decoding=\"async\"  src=\"https:\/\/www.ff-oepping.at\/cms\/wp-content\/uploads\/2024\/11\/2024-11-17_Kommando_Peinbauer_Heinz-1024x683.jpg\" class=\"staffContainerRowImage\" alt=\"\" itemprop=\"image\"  \/><\/div><\/div><div class=\"abcfslLstCol abcfslLstCol-9 abcfslTxtColLst\"><div class=\"abcfslTxtCntrLst  staffContainerRowText\"><div class=\"abcfslMT10  abcfslF14 staffContainerFunction T-F2\">Kassenf\u00fchrer<\/div><div class=\"staffContainerName MP-F1\"><span class=\"abcfslSpanMP1\">BI d.F. <\/span><span class=\"abcfslSpanMP2\">Heinz <\/span><span class=\"abcfslSpanMP3\">Peinbauer <\/span><\/div><div class=\"CE-F6\"><p>Oberfischbach 6<br \/>\n4151 Oepping<\/p>\n<\/div><div class=\"LT-F4\">+43 7289 82 72<\/div><div class=\"LT-F7\">+43 699 11 64 48 41<\/div><div class=\"LT-F5\"><a href=\"mailto:heinz.peinbauer@aon.at\">heinz.peinbauer@aon.at<\/a><\/div><\/div><\/div><\/div><div class=\"abcfslGCol abcfslItemCntrLst staffContainerRowOuter abcfClrFix\"><div class=\"abcfslLstCol abcfslLstCol-3 abcfslImgColLst\"><div class=\"abcfslImgCntrLst abcfslMLRPc\"><img decoding=\"async\"  src=\"https:\/\/www.ff-oepping.at\/cms\/wp-content\/uploads\/2024\/10\/2024-09-28_Kommando_Tobi-1024x683.jpg\" class=\"staffContainerRowImage\" alt=\"\" itemprop=\"image\"  \/><\/div><\/div><div class=\"abcfslLstCol abcfslLstCol-9 abcfslTxtColLst\"><div class=\"abcfslTxtCntrLst  staffContainerRowText\"><div class=\"abcfslMT10  abcfslF14 staffContainerFunction T-F2\">Schriftf\u00fchrer<\/div><div class=\"staffContainerName MP-F1\"><span class=\"abcfslSpanMP1\">HBI d.F. <\/span><span class=\"abcfslSpanMP2\">Tobias <\/span><span class=\"abcfslSpanMP3\">Sonnleitner <\/span><\/div><div class=\"CE-F6\"><p>Hochkraml 27<br \/>\n4162 Julbach<\/p>\n<\/div><div class=\"LT-F4\">+43 7289 82 35<\/div><div class=\"LT-F5\"><a href=\"mailto:tobias.sonnleitner@ff-oepping.at\">tobias.sonnleitner@ff-oepping.at<\/a><\/div><div class=\"LT-F8\"><a href=\"mailto:tobias.sonnleitner@ro.ooelfv.at\">tobias.sonnleitner@ro.ooelfv.at<\/a><\/div><\/div><\/div><\/div><div class=\"abcfslGCol abcfslItemCntrLst staffContainerRowOuter abcfClrFix\"><div class=\"abcfslLstCol abcfslLstCol-3 abcfslImgColLst\"><div class=\"abcfslImgCntrLst abcfslMLRPc\"><img decoding=\"async\"  src=\"https:\/\/www.ff-oepping.at\/cms\/wp-content\/uploads\/2024\/11\/2024-11-17_Kommando_Stockinger_Patrick-1024x683.jpg\" class=\"staffContainerRowImage\" alt=\"\" itemprop=\"image\"  \/><\/div><\/div><div class=\"abcfslLstCol abcfslLstCol-9 abcfslTxtColLst\"><div class=\"abcfslTxtCntrLst  staffContainerRowText\"><div class=\"abcfslMT10  abcfslF14 staffContainerFunction T-F2\">Zugskommandant<\/div><div class=\"staffContainerName MP-F1\"><span class=\"abcfslSpanMP1\">BI <\/span><span class=\"abcfslSpanMP2\">Patrick <\/span><span class=\"abcfslSpanMP3\">Stockinger <\/span><\/div><div class=\"CE-F6\"><p>Lusweg 7<br \/>\n4161 Ulrichsberg<\/p>\n<\/div><div class=\"LT-F7\">+43 664 56 56 884<\/div><div class=\"LT-F5\"><a href=\"mailto:stockes90@gmx.at\">stockes90@gmx.at<\/a><\/div><\/div><\/div><\/div><\/div><\/div>\n\n\n\n<div style=\"height:61px\" aria-hidden=\"true\" class=\"wp-block-spacer\"><\/div>\n\n\n\n<h3 class=\"wp-block-heading\">Erweitertes Kommando<\/h3>\n\n\n\n<div style=\"height:23px\" aria-hidden=\"true\" class=\"wp-block-spacer\"><\/div>\n\n\n<div class=\"abcfslGridCntr staffContainer slv174_t13084_LI abcfslGridCntr_13084\"><div id=\"abcfslGridItemsCntr_13084\" class=\"abcfslGridItemsCntr\"><div class=\"abcfslGCol abcfslItemCntrLst staffContainerRowOuter abcfClrFix\"><div class=\"abcfslLstCol abcfslLstCol-3 abcfslImgColLst\"><div class=\"abcfslImgCntrLst abcfslMLRPc\"><img decoding=\"async\"  src=\"https:\/\/www.ff-oepping.at\/cms\/wp-content\/uploads\/2024\/11\/2024-11-17_Kommando_Bogner_Sebastian-1024x683.jpg\" class=\"staffContainerRowImage\" alt=\"\" itemprop=\"image\"  \/><\/div><\/div><div class=\"abcfslLstCol abcfslLstCol-9 abcfslTxtColLst\"><div class=\"abcfslTxtCntrLst  staffContainerRowText\"><div class=\"abcfslMT10  abcfslF14 staffContainerFunction T-F2\">Fachbeauftragter Atemschutz<\/div><div class=\"staffContainerName MP-F1\"><span class=\"abcfslSpanMP1\">HBM d.F. <\/span><span class=\"abcfslSpanMP2\">Sebastian <\/span><span class=\"abcfslSpanMP3\">Bogner <\/span><\/div><div class=\"CE-F6\"><p>Salaberg 28<br \/>\n4151 Oepping<\/p>\n<\/div><div class=\"abcfslMT5 LT-F7\">+43 681 10 71 37 13<\/div><div class=\"LT-F5\"><a href=\"mailto:sebastian.bogner5@gmail.com\">sebastian.bogner5@gmail.com<\/a><\/div><\/div><\/div><\/div><div class=\"abcfslGCol abcfslItemCntrLst staffContainerRowOuter abcfClrFix\"><div class=\"abcfslLstCol abcfslLstCol-3 abcfslImgColLst\"><div class=\"abcfslImgCntrLst abcfslMLRPc\"><img decoding=\"async\"  src=\"https:\/\/www.ff-oepping.at\/cms\/wp-content\/uploads\/2024\/11\/2024-11-17_Kommando_Gabriel_Michael-1024x683.jpg\" class=\"staffContainerRowImage\" alt=\"\" itemprop=\"image\"  \/><\/div><\/div><div class=\"abcfslLstCol abcfslLstCol-9 abcfslTxtColLst\"><div class=\"abcfslTxtCntrLst  staffContainerRowText\"><div class=\"abcfslMT10  abcfslF14 staffContainerFunction T-F2\">Gruppenkommandant<\/div><div class=\"staffContainerName MP-F1\"><span class=\"abcfslSpanMP1\">OBI d.F. <\/span><span class=\"abcfslSpanMP2\">Michael <\/span><span class=\"abcfslSpanMP3\">Gabriel <\/span><\/div><div class=\"CE-F6\"><p>Hofwies 5<br \/>\n4151 Oepping<\/p>\n<\/div><div class=\"abcfslMT5 LT-F7\">+43 664 11 59 079<\/div><div class=\"LT-F5\"><a href=\"mailto:michaelgabriel@gmx.at\">michaelgabriel@gmx.at<\/a><\/div><div class=\"LT-F8\"><a href=\"mailto:michael.gabriel@ro.ooelfv.at\">michael.gabriel@ro.ooelfv.at<\/a><\/div><\/div><\/div><\/div><div class=\"abcfslGCol abcfslItemCntrLst staffContainerRowOuter abcfClrFix\"><div class=\"abcfslLstCol abcfslLstCol-3 abcfslImgColLst\"><div class=\"abcfslImgCntrLst abcfslMLRPc\"><img decoding=\"async\"  src=\"https:\/\/www.ff-oepping.at\/cms\/wp-content\/uploads\/2024\/11\/2024-11-17_Kommando_Pernsteiner_Hannes-1024x683.jpg\" class=\"staffContainerRowImage\" alt=\"\" itemprop=\"image\"  \/><\/div><\/div><div class=\"abcfslLstCol abcfslLstCol-9 abcfslTxtColLst\"><div class=\"abcfslTxtCntrLst  staffContainerRowText\"><div class=\"abcfslMT10  abcfslF14 staffContainerFunction T-F2\">Gruppenkommandant<\/div><div class=\"staffContainerName MP-F1\"><span class=\"abcfslSpanMP1\">HBM <\/span><span class=\"abcfslSpanMP2\">Hannes <\/span><span class=\"abcfslSpanMP3\">Pernsteiner <\/span><\/div><div class=\"CE-F6\"><p>Hanriederstra\u00dfe 8\/23<br \/>\n4150 Rohrbach<\/p>\n<\/div><div class=\"abcfslMT5 LT-F7\">+43 660 16 12 993<\/div><div class=\"LT-F5\"><a href=\"mailto:hannes.pernsteiner@ff-oepping.at\">hannes.pernsteiner@ff-oepping.at<\/a><\/div><\/div><\/div><\/div><div class=\"abcfslGCol abcfslItemCntrLst staffContainerRowOuter abcfClrFix\"><div class=\"abcfslLstCol abcfslLstCol-3 abcfslImgColLst\"><div class=\"abcfslImgCntrLst abcfslMLRPc\"><img decoding=\"async\"  src=\"https:\/\/www.ff-oepping.at\/cms\/wp-content\/uploads\/2024\/11\/2024-11-17_Kommando_Schaubmayr_Stefan-1024x683.jpg\" class=\"staffContainerRowImage\" alt=\"\" itemprop=\"image\"  \/><\/div><\/div><div class=\"abcfslLstCol abcfslLstCol-9 abcfslTxtColLst\"><div class=\"abcfslTxtCntrLst  staffContainerRowText\"><div class=\"abcfslMT10  abcfslF14 staffContainerFunction T-F2\">Gruppenkommandant<\/div><div class=\"staffContainerName MP-F1\"><span class=\"abcfslSpanMP1\">HBM <\/span><span class=\"abcfslSpanMP2\">Stefan <\/span><span class=\"abcfslSpanMP3\">Schaubmayr <\/span><\/div><div class=\"CE-F6\"><p>Oberneudorf 7<br \/>\n4151 Oepping<\/p>\n<\/div><div class=\"abcfslMT5 LT-F7\">+43 664 14 64 943<\/div><div class=\"LT-F5\"><a href=\"mailto:schaubmayrstefan@gmx.at\">schaubmayrstefan@gmx.at<\/a><\/div><\/div><\/div><\/div><div class=\"abcfslGCol abcfslItemCntrLst staffContainerRowOuter abcfClrFix\"><div class=\"abcfslLstCol abcfslLstCol-3 abcfslImgColLst\"><div class=\"abcfslImgCntrLst abcfslMLRPc\"><img decoding=\"async\"  src=\"https:\/\/www.ff-oepping.at\/cms\/wp-content\/uploads\/2024\/10\/2024-09-28_Kommando_Domi-1024x683.jpg\" class=\"staffContainerRowImage\" alt=\"\" itemprop=\"image\"  \/><\/div><\/div><div class=\"abcfslLstCol abcfslLstCol-9 abcfslTxtColLst\"><div class=\"abcfslTxtCntrLst  staffContainerRowText\"><div class=\"abcfslMT10  abcfslF14 staffContainerFunction T-F2\">Fachbeauftragter IT<\/div><div class=\"staffContainerName MP-F1\"><span class=\"abcfslSpanMP1\">OBI d.F. <\/span><span class=\"abcfslSpanMP2\">Dominik <\/span><span class=\"abcfslSpanMP3\">Sonnleitner <\/span><\/div><div class=\"CE-F6\"><p>Kapellenstra\u00dfe 2\/4<br \/>\n4151 Oepping<\/p>\n<\/div><div class=\"LT-F5\"><a href=\"mailto:dominik.sonnleitner@ff-oepping.at\">dominik.sonnleitner@ff-oepping.at<\/a><\/div><div class=\"LT-F8\"><a href=\"mailto:dominik.sonnleitner@ro.ooelfv.at\">dominik.sonnleitner@ro.ooelfv.at<\/a><\/div><\/div><\/div><\/div><div class=\"abcfslGCol abcfslItemCntrLst staffContainerRowOuter abcfClrFix\"><div class=\"abcfslLstCol abcfslLstCol-3 abcfslImgColLst\"><div class=\"abcfslImgCntrLst abcfslMLRPc\"><img decoding=\"async\"  src=\"https:\/\/www.ff-oepping.at\/cms\/wp-content\/uploads\/2024\/12\/2024-12-06_Stockinger_Julia-1024x683.jpg\" class=\"staffContainerRowImage\" alt=\"\" itemprop=\"image\"  \/><\/div><\/div><div class=\"abcfslLstCol abcfslLstCol-9 abcfslTxtColLst\"><div class=\"abcfslTxtCntrLst  staffContainerRowText\"><div class=\"abcfslMT10  abcfslF14 staffContainerFunction T-F2\">Fachbeauftragte Funk und LuN-Dienst<\/div><div class=\"staffContainerName MP-F1\"><span class=\"abcfslSpanMP1\">HBM d.F. <\/span><span class=\"abcfslSpanMP2\">Julia <\/span><span class=\"abcfslSpanMP3\">Stockinger <\/span><\/div><div class=\"CE-F6\"><p>Lusweg 7<br \/>\n4161 Ulrichsberg<\/p>\n<\/div><div class=\"LT-F5\"><a href=\"mailto:j.hautzeneder@gmail.com\">j.hautzeneder@gmail.com<\/a><\/div><\/div><\/div><\/div><div class=\"abcfslGCol abcfslItemCntrLst staffContainerRowOuter abcfClrFix\"><div class=\"abcfslLstCol abcfslLstCol-3 abcfslImgColLst\"><div class=\"abcfslImgCntrLst abcfslMLRPc\"><img decoding=\"async\"  src=\"https:\/\/www.ff-oepping.at\/cms\/wp-content\/uploads\/2025\/11\/1764362893774-300x200.png\" class=\"staffContainerRowImage\" alt=\"\" itemprop=\"image\"  \/><\/div><\/div><div class=\"abcfslLstCol abcfslLstCol-9 abcfslTxtColLst\"><div class=\"abcfslTxtCntrLst  staffContainerRowText\"><div class=\"abcfslMT10  abcfslF14 staffContainerFunction T-F2\">Fachbeauftragter-Stv. Atemschutz<\/div><div class=\"staffContainerName MP-F1\"><span class=\"abcfslSpanMP1\">OBM d.F. <\/span><span class=\"abcfslSpanMP2\">Andreas <\/span><span class=\"abcfslSpanMP3\">Simmel <\/span><\/div><div class=\"CE-F6\"><p>Obergr\u00fcnau 6\/2<br \/>\n4151 Oepping<\/p>\n<\/div><div class=\"abcfslMT5 LT-F7\">+43 660 61 45 555<\/div><div class=\"LT-F5\"><a href=\"mailto:andi.simmel@gmx.at\">andi.simmel@gmx.at<\/a><\/div><\/div><\/div><\/div><\/div><\/div>\n","protected":false},"excerpt":{"rendered":"<p>Das Kommando der Freiwilligen Feuerwehr Oepping setzt sich aus Mitgliedern zusammen, die die Leitung und Organisation der Feuerwehr sicherstellen. Angef\u00fchrt wird das Kommando vom Feuerwehrkommandanten, der die strategische F\u00fchrung \u00fcbernimmt&hellip;<\/p>\n","protected":false},"author":3,"featured_media":0,"parent":0,"menu_order":0,"comment_status":"closed","ping_status":"closed","template":"","meta":{"footnotes":""},"class_list":["post-8146","page","type-page","status-publish","hentry"],"wps_subtitle":"","_links":{"self":[{"href":"https:\/\/www.ff-oepping.at\/cms\/wp-json\/wp\/v2\/pages\/8146","targetHints":{"allow":["GET"]}}],"collection":[{"href":"https:\/\/www.ff-oepping.at\/cms\/wp-json\/wp\/v2\/pages"}],"about":[{"href":"https:\/\/www.ff-oepping.at\/cms\/wp-json\/wp\/v2\/types\/page"}],"author":[{"embeddable":true,"href":"https:\/\/www.ff-oepping.at\/cms\/wp-json\/wp\/v2\/users\/3"}],"replies":[{"embeddable":true,"href":"https:\/\/www.ff-oepping.at\/cms\/wp-json\/wp\/v2\/comments?post=8146"}],"version-history":[{"count":2,"href":"https:\/\/www.ff-oepping.at\/cms\/wp-json\/wp\/v2\/pages\/8146\/revisions"}],"predecessor-version":[{"id":13278,"href":"https:\/\/www.ff-oepping.at\/cms\/wp-json\/wp\/v2\/pages\/8146\/revisions\/13278"}],"wp:attachment":[{"href":"https:\/\/www.ff-oepping.at\/cms\/wp-json\/wp\/v2\/media?parent=8146"}],"curies":[{"name":"wp","href":"https:\/\/api.w.org\/{rel}","templated":true}]}}